{"id":22575,"date":"2025-02-06T09:09:07","date_gmt":"2025-02-06T09:09:07","guid":{"rendered":"https:\/\/jemglob.com\/reparacio-de-fars-posteriors\/"},"modified":"2025-02-13T11:11:13","modified_gmt":"2025-02-13T11:11:13","slug":"reparacio-de-fars-posteriors","status":"publish","type":"page","link":"https:\/\/jemglob.com\/ca\/reparacio-de-fars-posteriors\/","title":{"rendered":"Reparaci\u00f3 de fars posteriors"},"content":{"rendered":"<p><div class=\"fusion-fullwidth fullwidth-box fusion-builder-row-1 fusion-flex-container has-pattern-background has-mask-background nonhundred-percent-fullwidth non-hundred-percent-height-scrolling\" style=\"--awb-border-radius-top-left:0px;--awb-border-radius-top-right:0px;--awb-border-radius-bottom-right:0px;--awb-border-radius-bottom-left:0px;--awb-background-color:var(--awb-color2);--awb-flex-wrap:wrap;\" ><div class=\"fusion-builder-row fusion-row fusion-flex-align-items-flex-start fusion-flex-content-wrap\" style=\"max-width:1216.8px;margin-left: calc(-4% \/ 2 );margin-right: calc(-4% \/ 2 );\"><div class=\"fusion-layout-column fusion_builder_column fusion-builder-column-0 fusion_builder_column_1_1 1_1 fusion-flex-column\" style=\"--awb-bg-size:cover;--awb-width-large:100%;--awb-margin-top-large:15px;--awb-spacing-right-large:1.92%;--awb-margin-bottom-large:15px;--awb-spacing-left-large:1.92%;--awb-width-medium:100%;--awb-order-medium:0;--awb-spacing-right-medium:1.92%;--awb-spacing-left-medium:1.92%;--awb-width-small:100%;--awb-order-small:0;--awb-spacing-right-small:1.92%;--awb-spacing-left-small:1.92%;\"><div class=\"fusion-column-wrapper fusion-column-has-shadow fusion-flex-justify-content-flex-start fusion-content-layout-column\"><div class=\"fusion-title title fusion-title-1 fusion-title-center fusion-title-text fusion-title-size-one\" style=\"--awb-font-size:45px;\"><div class=\"title-sep-container title-sep-container-left\"><div class=\"title-sep sep- sep-solid\" style=\"border-color:var(--awb-color3);\"><\/div><\/div><span class=\"awb-title-spacer\"><\/span><h1 class=\"fusion-title-heading title-heading-center fusion-responsive-typography-calculated\" style=\"margin:0;font-size:1em;--fontSize:45;line-height:var(--awb-typography1-line-height);\">Reparaci\u00f3 de Fars Del darrere a JEMGLOB: seguretat, est\u00e8tica i funcionalitat garantides<\/h1><span class=\"awb-title-spacer\"><\/span><div class=\"title-sep-container title-sep-container-right\"><div class=\"title-sep sep- sep-solid\" style=\"border-color:var(--awb-color3);\"><\/div><\/div><\/div><\/div><\/div><\/div><\/div><div class=\"fusion-fullwidth fullwidth-box fusion-builder-row-2 fusion-flex-container has-pattern-background has-mask-background hundred-percent-fullwidth non-hundred-percent-height-scrolling\" style=\"--awb-border-radius-top-left:0px;--awb-border-radius-top-right:0px;--awb-border-radius-bottom-right:0px;--awb-border-radius-bottom-left:0px;--awb-padding-top:2%;--awb-padding-bottom:2%;--awb-flex-wrap:wrap;\" ><div class=\"fusion-builder-row fusion-row fusion-flex-align-items-flex-start fusion-flex-content-wrap\" style=\"width:104% !important;max-width:104% !important;margin-left: calc(-4% \/ 2 );margin-right: calc(-4% \/ 2 );\"><div class=\"fusion-layout-column fusion_builder_column fusion-builder-column-1 fusion_builder_column_1_2 1_2 fusion-flex-column\" style=\"--awb-bg-size:cover;--awb-width-large:50%;--awb-margin-top-large:15px;--awb-spacing-right-large:3.84%;--awb-margin-bottom-large:15px;--awb-spacing-left-large:3.84%;--awb-width-medium:100%;--awb-order-medium:0;--awb-spacing-right-medium:1.92%;--awb-spacing-left-medium:1.92%;--awb-width-small:100%;--awb-order-small:0;--awb-spacing-right-small:1.92%;--awb-spacing-left-small:1.92%;\"><div class=\"fusion-column-wrapper fusion-column-has-shadow fusion-flex-justify-content-flex-start fusion-content-layout-column\"><div class=\"fusion-text fusion-text-1\"><p>La il\u00b7luminaci\u00f3 del darrere d&#8217;un vehicle \u00e9s un factor essencial tant per a la <strong>seguretat a la carretera<\/strong> com per a l&#8217;est\u00e8tica general de l&#8217;autom\u00f2bil. Uns fars del darrere danyats, opacs o amb errors el\u00e8ctrics poden posar en risc la teva visibilitat davant d&#8217;altres conductors i afectar l&#8217;harmonia visual del cotxe. A <strong>JEMGLOB<\/strong> , entenem la import\u00e0ncia de comptar amb una il\u00b7luminaci\u00f3 del darrere en perfecte estat, per la qual cosa oferim un servei especialitzat de <strong>reparaci\u00f3 de fars del darrere<\/strong> que combina t\u00e8cnica, experi\u00e8ncia i recanvis d&#8217;alta qualitat.<\/p>\n<\/div><\/div><\/div><div class=\"fusion-layout-column fusion_builder_column fusion-builder-column-2 fusion_builder_column_1_2 1_2 fusion-flex-column fusion-flex-align-self-stretch\" style=\"--awb-bg-size:cover;--awb-width-large:50%;--awb-margin-top-large:15px;--awb-spacing-right-large:3.84%;--awb-margin-bottom-large:15px;--awb-spacing-left-large:3.84%;--awb-width-medium:100%;--awb-order-medium:0;--awb-spacing-right-medium:1.92%;--awb-spacing-left-medium:1.92%;--awb-width-small:100%;--awb-order-small:0;--awb-spacing-right-small:1.92%;--awb-spacing-left-small:1.92%;\"><div class=\"fusion-column-wrapper lazyload fusion-column-has-shadow fusion-flex-justify-content-center fusion-content-layout-column fusion-empty-column-bg-image fusion-column-has-bg-image\" data-bg-url=\"https:\/\/jemglob.com\/wp-content\/uploads\/2025\/02\/handsome-man-blue-uniform-checks-car-1.jpg\" data-bg=\"https:\/\/jemglob.com\/wp-content\/uploads\/2025\/02\/handsome-man-blue-uniform-checks-car-1.jpg\"><img decoding=\"async\" class=\"fusion-empty-dims-img-placeholder\" aria-label=\"handsome-man-blue-uniform-checks-car (1)\" src=\"data:image\/svg+xml,%3Csvg%20xmlns%3D%27http%3A%2F%2Fwww.w3.org%2F2000%2Fsvg%27%20width%3D%271500%27%20height%3D%271000%27%20viewBox%3D%270%200%201500%201000%27%3E%3Crect%20width%3D%271500%27%20height%3D%271000%27%20fill-opacity%3D%220%22%2F%3E%3C%2Fsvg%3E\"><\/div><\/div><\/div><\/div><div class=\"fusion-fullwidth fullwidth-box fusion-builder-row-3 fusion-flex-container has-pattern-background has-mask-background hundred-percent-fullwidth non-hundred-percent-height-scrolling\" style=\"--awb-border-radius-top-left:0px;--awb-border-radius-top-right:0px;--awb-border-radius-bottom-right:0px;--awb-border-radius-bottom-left:0px;--awb-padding-top:2%;--awb-padding-bottom:2%;--awb-flex-wrap:wrap;\" ><div class=\"fusion-builder-row fusion-row fusion-flex-align-items-flex-start fusion-flex-content-wrap\" style=\"width:104% !important;max-width:104% !important;margin-left: calc(-4% \/ 2 );margin-right: calc(-4% \/ 2 );\"><div class=\"fusion-layout-column fusion_builder_column fusion-builder-column-3 fusion_builder_column_1_2 1_2 fusion-flex-column fusion-flex-align-self-stretch\" style=\"--awb-bg-size:cover;--awb-width-large:50%;--awb-margin-top-large:15px;--awb-spacing-right-large:3.84%;--awb-margin-bottom-large:15px;--awb-spacing-left-large:3.84%;--awb-width-medium:100%;--awb-order-medium:0;--awb-spacing-right-medium:1.92%;--awb-spacing-left-medium:1.92%;--awb-width-small:100%;--awb-order-small:0;--awb-spacing-right-small:1.92%;--awb-spacing-left-small:1.92%;\"><div class=\"fusion-column-wrapper lazyload fusion-column-has-shadow fusion-flex-justify-content-flex-start fusion-content-layout-column fusion-empty-column-bg-image fusion-column-has-bg-image\" data-bg-url=\"https:\/\/jemglob.com\/wp-content\/uploads\/2025\/02\/transformative-before-after-shots-tail-light-repainting-car-1-1.jpg\" data-bg=\"https:\/\/jemglob.com\/wp-content\/uploads\/2025\/02\/transformative-before-after-shots-tail-light-repainting-car-1-1.jpg\"><img decoding=\"async\" class=\"fusion-empty-dims-img-placeholder\" aria-label=\"transformative-before-after-shots-tail-light-repainting-car (1) (1)\" src=\"data:image\/svg+xml,%3Csvg%20xmlns%3D%27http%3A%2F%2Fwww.w3.org%2F2000%2Fsvg%27%20width%3D%271500%27%20height%3D%271000%27%20viewBox%3D%270%200%201500%201000%27%3E%3Crect%20width%3D%271500%27%20height%3D%271000%27%20fill-opacity%3D%220%22%2F%3E%3C%2Fsvg%3E\"><\/div><\/div><div class=\"fusion-layout-column fusion_builder_column fusion-builder-column-4 fusion_builder_column_1_2 1_2 fusion-flex-column\" style=\"--awb-bg-size:cover;--awb-width-large:50%;--awb-margin-top-large:15px;--awb-spacing-right-large:3.84%;--awb-margin-bottom-large:15px;--awb-spacing-left-large:3.84%;--awb-width-medium:100%;--awb-order-medium:0;--awb-spacing-right-medium:1.92%;--awb-spacing-left-medium:1.92%;--awb-width-small:100%;--awb-order-small:0;--awb-spacing-right-small:1.92%;--awb-spacing-left-small:1.92%;\"><div class=\"fusion-column-wrapper fusion-column-has-shadow fusion-flex-justify-content-flex-start fusion-content-layout-column\"><div class=\"fusion-title title fusion-title-2 fusion-title-text fusion-title-size-two\"><div class=\"title-sep-container title-sep-container-left fusion-no-large-visibility fusion-no-medium-visibility fusion-no-small-visibility\"><div class=\"title-sep sep- sep-solid\" style=\"border-color:var(--awb-color3);\"><\/div><\/div><span class=\"awb-title-spacer fusion-no-large-visibility fusion-no-medium-visibility fusion-no-small-visibility\"><\/span><h2 class=\"fusion-title-heading title-heading-left fusion-responsive-typography-calculated\" style=\"margin:0;--fontSize:38;line-height:var(--awb-typography1-line-height);\">Diagn\u00f2stic prec\u00eds i solucions eficaces<\/h2><span class=\"awb-title-spacer\"><\/span><div class=\"title-sep-container title-sep-container-right\"><div class=\"title-sep sep- sep-solid\" style=\"border-color:var(--awb-color3);\"><\/div><\/div><\/div><div class=\"fusion-text fusion-text-2\"><p>Al nostre taller ubicat a <strong>Manresa, carrer Navarra 11<\/strong> , comptem amb un equip de professionals que es mant\u00e9 en constant formaci\u00f3 sobre les darreres tend\u00e8ncies en sistemes d&#8217;il\u00b7luminaci\u00f3 automotriu. En acudir amb un far del darrere danyat, realitzem un <strong>diagn\u00f2stic minuci\u00f3s<\/strong> per determinar la magnitud del problema. Podria tractar-se de:<\/p>\n<ol>\n<li><strong>Danys a la carcassa<\/strong> : esquerdes, cops o fissures que permetin l&#8217;entrada d&#8217;aigua o brut\u00edcia a l&#8217;interior.<\/li>\n<li><strong>Problemes d&#8217;humitat o condensaci\u00f3<\/strong> : un inconvenient freq\u00fcent que redueix la lluminositat i pot provocar errors als circuits el\u00e8ctrics.<\/li>\n<li><strong>Fallada al circuit oa les bombetes<\/strong> : desperfectes al sistema de cables, connectors o bombetes que afectin la il\u00b7luminaci\u00f3.<\/li>\n<li><strong>Desgast o decoloraci\u00f3 del pl\u00e0stic<\/strong> : amb el pas del temps, el pl\u00e0stic pot envellir i perdre la seva claredat o brillantor.<\/li>\n<\/ol>\n<p>Despr\u00e9s d&#8217;identificar amb exactitud l&#8217;origen del desperfecte, els nostres t\u00e8cnics us aconsellaran la millor <strong>soluci\u00f3<\/strong> : des d&#8217;una petita restauraci\u00f3 per recuperar la transpar\u00e8ncia i segellat, fins a la substituci\u00f3 de peces internes o la carcassa completa, en cas que sigui necessari.<\/p>\n<\/div><\/div><\/div><\/div><\/div><div class=\"fusion-fullwidth fullwidth-box fusion-builder-row-4 fusion-flex-container has-pattern-background has-mask-background hundred-percent-fullwidth non-hundred-percent-height-scrolling\" style=\"--awb-border-radius-top-left:0px;--awb-border-radius-top-right:0px;--awb-border-radius-bottom-right:0px;--awb-border-radius-bottom-left:0px;--awb-padding-top:2%;--awb-padding-bottom:2%;--awb-flex-wrap:wrap;\" ><div class=\"fusion-builder-row fusion-row fusion-flex-align-items-flex-start fusion-flex-content-wrap\" style=\"width:104% !important;max-width:104% !important;margin-left: calc(-4% \/ 2 );margin-right: calc(-4% \/ 2 );\"><div class=\"fusion-layout-column fusion_builder_column fusion-builder-column-5 fusion_builder_column_1_2 1_2 fusion-flex-column\" style=\"--awb-bg-size:cover;--awb-width-large:50%;--awb-margin-top-large:15px;--awb-spacing-right-large:3.84%;--awb-margin-bottom-large:15px;--awb-spacing-left-large:3.84%;--awb-width-medium:100%;--awb-order-medium:0;--awb-spacing-right-medium:1.92%;--awb-spacing-left-medium:1.92%;--awb-width-small:100%;--awb-order-small:0;--awb-spacing-right-small:1.92%;--awb-spacing-left-small:1.92%;\"><div class=\"fusion-column-wrapper fusion-column-has-shadow fusion-flex-justify-content-flex-start fusion-content-layout-column\"><div class=\"fusion-title title fusion-title-3 fusion-title-text fusion-title-size-two\"><div class=\"title-sep-container title-sep-container-left fusion-no-large-visibility fusion-no-medium-visibility fusion-no-small-visibility\"><div class=\"title-sep sep- sep-solid\" style=\"border-color:var(--awb-color3);\"><\/div><\/div><span class=\"awb-title-spacer fusion-no-large-visibility fusion-no-medium-visibility fusion-no-small-visibility\"><\/span><h2 class=\"fusion-title-heading title-heading-left fusion-responsive-typography-calculated\" style=\"margin:0;--fontSize:38;line-height:var(--awb-typography1-line-height);\">Recanvis de primera qualitat<\/h2><span class=\"awb-title-spacer\"><\/span><div class=\"title-sep-container title-sep-container-right\"><div class=\"title-sep sep- sep-solid\" style=\"border-color:var(--awb-color3);\"><\/div><\/div><\/div><div class=\"fusion-text fusion-text-3\"><p>A JEMGLOB fem servir <strong>recanvis originals i alternatius d&#8217;alta gamma<\/strong> , sempre garantint la compatibilitat amb la teva marca i model de vehicle. El nostre cat\u00e0leg cobreix tant cotxes de mitjana i alta gamma com flotes comercials, furgonetes i camions. Sabem que la correcta elecci\u00f3 dels materials incideix directament en la <strong>durabilitat i efic\u00e0cia<\/strong> de la reparaci\u00f3, per la qual cosa \u00fanicament treballem amb prove\u00efdors de confian\u00e7a que compleixen rigorosos est\u00e0ndards de qualitat.<\/p>\n<p>Si necessites una <strong>carcassa nova<\/strong> per als teus fars del darrere, tamb\u00e9 trobar\u00e0s a la nostra <strong>botiga online<\/strong> l&#8217;opci\u00f3 ideal per al teu vehicle. Disposem d&#8217;un extens inventari de carcasses, cosa que ens permet agilitzar el temps de reposici\u00f3 i, per tant, el lliurament final del projecte.<\/p>\n<\/div><div class=\"fusion-title title fusion-title-4 fusion-title-text fusion-title-size-two\"><div class=\"title-sep-container title-sep-container-left fusion-no-large-visibility fusion-no-medium-visibility fusion-no-small-visibility\"><div class=\"title-sep sep- sep-solid\" style=\"border-color:var(--awb-color3);\"><\/div><\/div><span class=\"awb-title-spacer fusion-no-large-visibility fusion-no-medium-visibility fusion-no-small-visibility\"><\/span><h2 class=\"fusion-title-heading title-heading-left fusion-responsive-typography-calculated\" style=\"margin:0;--fontSize:38;line-height:var(--awb-typography1-line-height);\">Rapidesa i excel\u00b7l\u00e8ncia en el servei<\/h2><span class=\"awb-title-spacer\"><\/span><div class=\"title-sep-container title-sep-container-right\"><div class=\"title-sep sep- sep-solid\" style=\"border-color:var(--awb-color3);\"><\/div><\/div><\/div><div class=\"fusion-text fusion-text-4\"><p>Un dels nostres principals compromisos \u00e9s <strong>reduir al m\u00e0xim<\/strong> el temps en qu\u00e8 el teu cotxe roman al taller. Entenem que el teu vehicle \u00e9s part fonamental del teu dia a dia, ja sigui per despla\u00e7ar-te a la feina, portar els teus fills a l&#8217;escola o atendre tasques de repartiment i log\u00edstica. Per aix\u00f2, la majoria de les nostres reparacions de fars del darrere tenen un temps estimat d&#8217;entre <strong>4 i 5 dies<\/strong> , encara que la durada pot variar en funci\u00f3 de la complexitat del dany i la disponibilitat de determinades peces. En qualsevol cas, mantenim una comunicaci\u00f3 cont\u00ednua amb tu per informar-te de cada aven\u00e7.<\/p>\n<\/div><\/div><\/div><div class=\"fusion-layout-column fusion_builder_column fusion-builder-column-6 fusion_builder_column_1_2 1_2 fusion-flex-column fusion-flex-align-self-stretch\" style=\"--awb-bg-position:right center;--awb-bg-size:cover;--awb-width-large:50%;--awb-margin-top-large:15px;--awb-spacing-right-large:3.84%;--awb-margin-bottom-large:15px;--awb-spacing-left-large:3.84%;--awb-width-medium:100%;--awb-order-medium:0;--awb-spacing-right-medium:1.92%;--awb-spacing-left-medium:1.92%;--awb-width-small:100%;--awb-order-small:0;--awb-spacing-right-small:1.92%;--awb-spacing-left-small:1.92%;\"><div class=\"fusion-column-wrapper lazyload fusion-column-has-shadow fusion-flex-justify-content-flex-start fusion-content-layout-column fusion-empty-column-bg-image fusion-column-has-bg-image\" data-bg-url=\"https:\/\/jemglob.com\/wp-content\/uploads\/2025\/02\/transformative-before-after-shots-tail-light-repainting-car-2.jpg\" data-bg=\"https:\/\/jemglob.com\/wp-content\/uploads\/2025\/02\/transformative-before-after-shots-tail-light-repainting-car-2.jpg\"><img decoding=\"async\" class=\"fusion-empty-dims-img-placeholder\" aria-label=\"transformative-before-after-shots-tail-light-repainting-car (2)\" src=\"data:image\/svg+xml,%3Csvg%20xmlns%3D%27http%3A%2F%2Fwww.w3.org%2F2000%2Fsvg%27%20width%3D%271500%27%20height%3D%271000%27%20viewBox%3D%270%200%201500%201000%27%3E%3Crect%20width%3D%271500%27%20height%3D%271000%27%20fill-opacity%3D%220%22%2F%3E%3C%2Fsvg%3E\"><\/div><\/div><\/div><\/div><div class=\"fusion-fullwidth fullwidth-box fusion-builder-row-5 fusion-flex-container has-pattern-background has-mask-background hundred-percent-fullwidth non-hundred-percent-height-scrolling\" style=\"--awb-border-radius-top-left:0px;--awb-border-radius-top-right:0px;--awb-border-radius-bottom-right:0px;--awb-border-radius-bottom-left:0px;--awb-padding-top:2%;--awb-padding-bottom:2%;--awb-flex-wrap:wrap;\" ><div class=\"fusion-builder-row fusion-row fusion-flex-align-items-flex-start fusion-flex-content-wrap\" style=\"width:104% !important;max-width:104% !important;margin-left: calc(-4% \/ 2 );margin-right: calc(-4% \/ 2 );\"><div class=\"fusion-layout-column fusion_builder_column fusion-builder-column-7 fusion_builder_column_1_2 1_2 fusion-flex-column fusion-flex-align-self-stretch\" style=\"--awb-bg-position:center center;--awb-bg-size:cover;--awb-width-large:50%;--awb-margin-top-large:15px;--awb-spacing-right-large:3.84%;--awb-margin-bottom-large:15px;--awb-spacing-left-large:3.84%;--awb-width-medium:100%;--awb-order-medium:0;--awb-spacing-right-medium:1.92%;--awb-spacing-left-medium:1.92%;--awb-width-small:100%;--awb-order-small:0;--awb-spacing-right-small:1.92%;--awb-spacing-left-small:1.92%;\"><div class=\"fusion-column-wrapper lazyload fusion-column-has-shadow fusion-flex-justify-content-flex-start fusion-content-layout-column fusion-empty-column-bg-image fusion-column-has-bg-image\" data-bg-url=\"https:\/\/jemglob.com\/wp-content\/uploads\/2025\/02\/modern-car-car-service-close-up-1.jpg\" data-bg=\"https:\/\/jemglob.com\/wp-content\/uploads\/2025\/02\/modern-car-car-service-close-up-1.jpg\"><img decoding=\"async\" class=\"fusion-empty-dims-img-placeholder\" aria-label=\"modern-car-car-service-close-up (1)\" src=\"data:image\/svg+xml,%3Csvg%20xmlns%3D%27http%3A%2F%2Fwww.w3.org%2F2000%2Fsvg%27%20width%3D%271500%27%20height%3D%271000%27%20viewBox%3D%270%200%201500%201000%27%3E%3Crect%20width%3D%271500%27%20height%3D%271000%27%20fill-opacity%3D%220%22%2F%3E%3C%2Fsvg%3E\"><\/div><\/div><div class=\"fusion-layout-column fusion_builder_column fusion-builder-column-8 fusion_builder_column_1_2 1_2 fusion-flex-column\" style=\"--awb-bg-size:cover;--awb-width-large:50%;--awb-margin-top-large:15px;--awb-spacing-right-large:3.84%;--awb-margin-bottom-large:15px;--awb-spacing-left-large:3.84%;--awb-width-medium:100%;--awb-order-medium:0;--awb-spacing-right-medium:1.92%;--awb-spacing-left-medium:1.92%;--awb-width-small:100%;--awb-order-small:0;--awb-spacing-right-small:1.92%;--awb-spacing-left-small:1.92%;\"><div class=\"fusion-column-wrapper fusion-column-has-shadow fusion-flex-justify-content-flex-start fusion-content-layout-column\"><div class=\"fusion-title title fusion-title-5 fusion-title-text fusion-title-size-two\"><div class=\"title-sep-container title-sep-container-left fusion-no-large-visibility fusion-no-medium-visibility fusion-no-small-visibility\"><div class=\"title-sep sep- sep-solid\" style=\"border-color:var(--awb-color3);\"><\/div><\/div><span class=\"awb-title-spacer fusion-no-large-visibility fusion-no-medium-visibility fusion-no-small-visibility\"><\/span><h2 class=\"fusion-title-heading title-heading-left fusion-responsive-typography-calculated\" style=\"margin:0;--fontSize:38;line-height:var(--awb-typography1-line-height);\">Servei per a asseguradores i r\u00e8nting<\/h2><span class=\"awb-title-spacer\"><\/span><div class=\"title-sep-container title-sep-container-right\"><div class=\"title-sep sep- sep-solid\" style=\"border-color:var(--awb-color3);\"><\/div><\/div><\/div><div class=\"fusion-text fusion-text-5\"><p>Una altra de les fortaleses de JEMGLOB \u00e9s el nostre <strong>treball conjunt amb asseguradores i companyies de r\u00e8nting<\/strong> . Si la vostra p\u00f2lissa cobreix la reparaci\u00f3 de fars o si administres una flota de vehicles que necessita manteniment regular, t&#8217;oferim <strong>plans a mida<\/strong> , condicions especials en costos i atenci\u00f3 priorit\u00e0ria perqu\u00e8 els temps d&#8217;inactivitat siguin m\u00ednims. La nostra \u00e0mplia experi\u00e8ncia ens permet entendre les necessitats espec\u00edfiques de cada sector i adaptar les nostres solucions de manera efica\u00e7.<\/p>\n<\/div><div class=\"fusion-title title fusion-title-6 fusion-title-text fusion-title-size-two\"><div class=\"title-sep-container title-sep-container-left fusion-no-large-visibility fusion-no-medium-visibility fusion-no-small-visibility\"><div class=\"title-sep sep- sep-solid\" style=\"border-color:var(--awb-color3);\"><\/div><\/div><span class=\"awb-title-spacer fusion-no-large-visibility fusion-no-medium-visibility fusion-no-small-visibility\"><\/span><h2 class=\"fusion-title-heading title-heading-left fusion-responsive-typography-calculated\" style=\"margin:0;--fontSize:38;line-height:var(--awb-typography1-line-height);\">Garantia de satisfacci\u00f3<\/h2><span class=\"awb-title-spacer\"><\/span><div class=\"title-sep-container title-sep-container-right\"><div class=\"title-sep sep- sep-solid\" style=\"border-color:var(--awb-color3);\"><\/div><\/div><\/div><div class=\"fusion-text fusion-text-6\"><p>En finalitzar la reparaci\u00f3 dels fars del darrere, realitzem un <strong>control de qualitat exhaustiu<\/strong> per assegurar-nos que el sistema d&#8217;il\u00b7luminaci\u00f3 es trobe en \u00f2ptimes condicions. A m\u00e9s, posem a la teva disposici\u00f3 <strong>garantia<\/strong> tant a la m\u00e0 d&#8217;obra com als recanvis instal\u00b7lats, d&#8217;acord amb les pol\u00edtiques establertes per a cada tipus de servei o pe\u00e7a.<\/p>\n<p>A JEMGLOB, no nom\u00e9s busquem restaurar el component f\u00edsic del far, sin\u00f3 tamb\u00e9 <strong>tornar la seguretat i tranquil\u00b7litat<\/strong> de saber que el teu vehicle compleix tots els requisits de visibilitat. Mantenir en bon estat la il\u00b7luminaci\u00f3 del darrere no \u00e9s nom\u00e9s un aspecte est\u00e8tic, sin\u00f3 una obligaci\u00f3 fonamental per evitar accidents i multes de tr\u00e0nsit.<\/p>\n<\/div><\/div><\/div><\/div><\/div><\/p>\n","protected":false},"excerpt":{"rendered":"","protected":false},"author":1,"featured_media":0,"parent":0,"menu_order":0,"comment_status":"closed","ping_status":"closed","template":"100-width.php","meta":{"footnotes":""},"class_list":["post-22575","page","type-page","status-publish","hentry"],"_links":{"self":[{"href":"https:\/\/jemglob.com\/ca\/wp-json\/wp\/v2\/pages\/22575","targetHints":{"allow":["GET"]}}],"collection":[{"href":"https:\/\/jemglob.com\/ca\/wp-json\/wp\/v2\/pages"}],"about":[{"href":"https:\/\/jemglob.com\/ca\/wp-json\/wp\/v2\/types\/page"}],"author":[{"embeddable":true,"href":"https:\/\/jemglob.com\/ca\/wp-json\/wp\/v2\/users\/1"}],"replies":[{"embeddable":true,"href":"https:\/\/jemglob.com\/ca\/wp-json\/wp\/v2\/comments?post=22575"}],"version-history":[{"count":1,"href":"https:\/\/jemglob.com\/ca\/wp-json\/wp\/v2\/pages\/22575\/revisions"}],"predecessor-version":[{"id":22579,"href":"https:\/\/jemglob.com\/ca\/wp-json\/wp\/v2\/pages\/22575\/revisions\/22579"}],"wp:attachment":[{"href":"https:\/\/jemglob.com\/ca\/wp-json\/wp\/v2\/media?parent=22575"}],"curies":[{"name":"wp","href":"https:\/\/api.w.org\/{rel}","templated":true}]}}